{"id":5839575,"date":"2026-04-04T09:11:07","date_gmt":"2026-04-04T07:11:07","guid":{"rendered":"https:\/\/www.eyragues-multimedia.fr\/portail\/?post_type=tribe_events&#038;p=5839575"},"modified":"2026-04-04T09:11:07","modified_gmt":"2026-04-04T07:11:07","slug":"conference-tout-comprendre-sur-lintelligence-artificielle","status":"publish","type":"tribe_events","link":"https:\/\/www.eyragues-multimedia.fr\/portail\/event\/conference-tout-comprendre-sur-lintelligence-artificielle\/","title":{"rendered":"Conf\u00e9rence : tout comprendre sur l\u2019intelligence artificielle"},"content":{"rendered":"<h2>Conf\u00e9rence : tout comprendre sur l\u2019intelligence artificielle \u00e0 Eyragues<\/h2>\n<p><strong>L\u2019intelligence artificielle s\u2019invite \u00e0 Eyragues<\/strong> le <strong>jeudi 16 avril<\/strong> 2026 \u00e0 <strong>19h30<\/strong> \u00e0 <strong>La Bastide<\/strong>, au parc des Po\u00e8tes. L\u2019association Eyragues Multim\u00e9dia, avec le concours de la mairie d\u2019Eyragues, propose une conf\u00e9rence grand public pour mieux comprendre ces technologies qui bouleversent d\u00e9j\u00e0 notre quotidien.<\/p>\n<p>Invit\u00e9e de la soir\u00e9e, <strong>Chlo\u00e9 Cargnino<\/strong>, juriste sp\u00e9cialis\u00e9e en droit de la propri\u00e9t\u00e9 intellectuelle et droit des nouvelles technologies (IP\/IA\/IT), enseignante-chercheuse en droit de la propri\u00e9t\u00e9 intellectuelle et du num\u00e9rique, et experte en IA, apportera un \u00e9clairage clair et accessible sur les enjeux juridiques, \u00e9thiques et pratiques de l\u2019intelligence artificielle. Elle expliquera concr\u00e8tement ce que recouvre le terme \u00ab IA \u00bb, comment ces outils fonctionnent, et quelles questions ils soul\u00e8vent pour les cr\u00e9ateurs, les entreprises, les collectivit\u00e9s et les citoyens.<\/p>\n<p><strong>Au programme :<\/strong> une pr\u00e9sentation vulgaris\u00e9e, des exemples concrets, puis un temps d\u2019\u00e9change avec le public pour poser toutes vos questions. Que vous soyez simplement curieux, utilisateur d\u2019outils num\u00e9riques, professionnel concern\u00e9 par le droit d\u2019auteur ou le num\u00e9rique, ou membre d\u2019une association, cette rencontre est faite pour vous.<\/p>\n<p>La conf\u00e9rence est offerte par l\u2019association <strong>Eyragues Multim\u00e9dia<\/strong> avec le soutien de la mairie d\u2019Eyragues. <strong>Rendez-vous le jeudi 16 avril 2026 \u00e0 19h30 \u00e0 La Bastide<\/strong>, parc des Po\u00e8tes, \u00e0 Eyragues. <strong>Entr\u00e9e libre, dans la limite des places disponibles.<\/strong><\/p>\n","protected":false},"excerpt":{"rendered":"<p>Conf\u00e9rence : tout comprendre sur l\u2019intelligence artificielle \u00e0 Eyragues L\u2019intelligence artificielle s\u2019invite \u00e0 Eyragues le jeudi 16 avril 2026 \u00e0 19h30 \u00e0 La Bastide, au parc des Po\u00e8tes. L\u2019association Eyragues [&hellip;]<\/p>\n","protected":false},"author":1,"featured_media":5839592,"template":"","meta":{"_price":"","_stock":"","_tribe_ticket_header":"","_tribe_default_ticket_provider":"","_tribe_ticket_capacity":"0","_ticket_start_date":"","_ticket_end_date":"","_tribe_ticket_show_description":"","_tribe_ticket_show_not_going":false,"_tribe_ticket_use_global_stock":"","_tribe_ticket_global_stock_level":"","_global_stock_mode":"","_global_stock_cap":"","_tribe_rsvp_for_event":"","_tribe_ticket_going_count":"","_tribe_ticket_not_going_count":"","_tribe_tickets_list":"[]","_tribe_ticket_has_attendee_info_fields":false,"slim_seo":{"title":"Conf\u00e9rence : tout comprendre sur l\u2019intelligence artificielle - Eyragues Multim\u00e9dia","description":"Conf\u00e9rence : tout comprendre sur l\u2019intelligence artificielle \u00e0 Eyragues L\u2019intelligence artificielle s\u2019invite \u00e0 Eyragues le jeudi 16 avril 2026 \u00e0 19h30 \u00e0 La Bast"},"_tribe_events_status":"","_tribe_events_status_reason":"","footnotes":"","_tec_slr_enabled":"","_tec_slr_layout":""},"tags":[],"tribe_events_cat":[],"class_list":["post-5839575","tribe_events","type-tribe_events","status-publish","has-post-thumbnail","hentry"],"dsm_author":{"name":"Jean-Louis MANIFACIER","avatar_url":"https:\/\/www.eyragues-multimedia.fr\/portail\/wp-content\/uploads\/ultimatemember\/1\/profile_photo.jpg?1777522975","archive_link":"https:\/\/www.eyragues-multimedia.fr\/portail","biodata":"Webmaster du site"},"dsm_categories":[],"dsm_attachment_categories":[],"dsm_featured_image":{"thumbnail":"https:\/\/www.eyragues-multimedia.fr\/portail\/wp-content\/uploads\/2026\/04\/ConfEmmIAReseaux-150x150.webp","medium":"https:\/\/www.eyragues-multimedia.fr\/portail\/wp-content\/uploads\/2026\/04\/ConfEmmIAReseaux-212x300.webp","medium_large":"https:\/\/www.eyragues-multimedia.fr\/portail\/wp-content\/uploads\/2026\/04\/ConfEmmIAReseaux-768x1085.webp","large":"https:\/\/www.eyragues-multimedia.fr\/portail\/wp-content\/uploads\/2026\/04\/ConfEmmIAReseaux-725x1024.webp","1536x1536":"https:\/\/www.eyragues-multimedia.fr\/portail\/wp-content\/uploads\/2026\/04\/ConfEmmIAReseaux.webp","2048x2048":"https:\/\/www.eyragues-multimedia.fr\/portail\/wp-content\/uploads\/2026\/04\/ConfEmmIAReseaux.webp","et-pb-post-main-image":"https:\/\/www.eyragues-multimedia.fr\/portail\/wp-content\/uploads\/2026\/04\/ConfEmmIAReseaux-400x250.webp","et-pb-post-main-image-fullwidth":"https:\/\/www.eyragues-multimedia.fr\/portail\/wp-content\/uploads\/2026\/04\/ConfEmmIAReseaux-1000x675.webp","et-pb-portfolio-image":"https:\/\/www.eyragues-multimedia.fr\/portail\/wp-content\/uploads\/2026\/04\/ConfEmmIAReseaux-400x284.webp","et-pb-portfolio-module-image":"https:\/\/www.eyragues-multimedia.fr\/portail\/wp-content\/uploads\/2026\/04\/ConfEmmIAReseaux-510x382.webp","et-pb-portfolio-image-single":"https:\/\/www.eyragues-multimedia.fr\/portail\/wp-content\/uploads\/2026\/04\/ConfEmmIAReseaux.webp","et-pb-gallery-module-image-portrait":"https:\/\/www.eyragues-multimedia.fr\/portail\/wp-content\/uploads\/2026\/04\/ConfEmmIAReseaux-400x516.webp","et-pb-post-main-image-fullwidth-large":"https:\/\/www.eyragues-multimedia.fr\/portail\/wp-content\/uploads\/2026\/04\/ConfEmmIAReseaux.webp","et-pb-image--responsive--desktop":"https:\/\/www.eyragues-multimedia.fr\/portail\/wp-content\/uploads\/2026\/04\/ConfEmmIAReseaux.webp","et-pb-image--responsive--tablet":"https:\/\/www.eyragues-multimedia.fr\/portail\/wp-content\/uploads\/2026\/04\/ConfEmmIAReseaux-980x1385.webp","et-pb-image--responsive--phone":"https:\/\/www.eyragues-multimedia.fr\/portail\/wp-content\/uploads\/2026\/04\/ConfEmmIAReseaux-480x678.webp","mailpoet_newsletter_max":"https:\/\/www.eyragues-multimedia.fr\/portail\/wp-content\/uploads\/2026\/04\/ConfEmmIAReseaux.webp","full":"https:\/\/www.eyragues-multimedia.fr\/portail\/wp-content\/uploads\/2026\/04\/ConfEmmIAReseaux.webp"},"ticketed":false,"_links":{"self":[{"href":"https:\/\/www.eyragues-multimedia.fr\/portail\/wp-json\/wp\/v2\/tribe_events\/5839575","targetHints":{"allow":["GET"]}}],"collection":[{"href":"https:\/\/www.eyragues-multimedia.fr\/portail\/wp-json\/wp\/v2\/tribe_events"}],"about":[{"href":"https:\/\/www.eyragues-multimedia.fr\/portail\/wp-json\/wp\/v2\/types\/tribe_events"}],"author":[{"embeddable":true,"href":"https:\/\/www.eyragues-multimedia.fr\/portail\/wp-json\/wp\/v2\/users\/1"}],"version-history":[{"count":1,"href":"https:\/\/www.eyragues-multimedia.fr\/portail\/wp-json\/wp\/v2\/tribe_events\/5839575\/revisions"}],"predecessor-version":[{"id":5839593,"href":"https:\/\/www.eyragues-multimedia.fr\/portail\/wp-json\/wp\/v2\/tribe_events\/5839575\/revisions\/5839593"}],"wp:featuredmedia":[{"embeddable":true,"href":"https:\/\/www.eyragues-multimedia.fr\/portail\/wp-json\/wp\/v2\/media\/5839592"}],"wp:attachment":[{"href":"https:\/\/www.eyragues-multimedia.fr\/portail\/wp-json\/wp\/v2\/media?parent=5839575"}],"wp:term":[{"taxonomy":"post_tag","embeddable":true,"href":"https:\/\/www.eyragues-multimedia.fr\/portail\/wp-json\/wp\/v2\/tags?post=5839575"},{"taxonomy":"tribe_events_cat","embeddable":true,"href":"https:\/\/www.eyragues-multimedia.fr\/portail\/wp-json\/wp\/v2\/tribe_events_cat?post=5839575"}],"curies":[{"name":"wp","href":"https:\/\/api.w.org\/{rel}","templated":true}]}}